{"id":45460,"date":"2023-02-24T13:58:39","date_gmt":"2023-02-24T18:58:39","guid":{"rendered":"https:\/\/www.assent.com\/?post_type=resource&#038;p=45460"},"modified":"2025-08-20T12:53:54","modified_gmt":"2025-08-20T16:53:54","slug":"budgetiser-la-conformite-et-lesg-durabilite-de-la-supply-chain-en-2023","status":"publish","type":"resource","link":"https:\/\/www.assent.com\/fr\/resources\/budgetiser-la-conformite-et-lesg-durabilite-de-la-supply-chain-en-2023\/","title":{"rendered":"Budg\u00e9tiser la conformit\u00e9 et l\u2019ESG\u00a0: durabilit\u00e9 de la supply chain en 2023"},"content":{"rendered":"\r\n<!-- WYSIWYG -->\r\n        <section class=\"wysiwyg-section\">\r\n            <div class=\"container\"><h2 style=\"text-align: center;\"><b>Que trouve-t-on dans cet e-book\u00a0?<\/b><\/h2>\n<p><span style=\"font-weight: 400;\">Cet e-book examine les changements r\u00e9glementaires \u00e0 venir et souligne l\u2019impact qu\u2019aura l\u2019\u00e9volution vers la durabilit\u00e9 sur votre entreprise dans les ann\u00e9es \u00e0 venir. Il vous permet de vous pr\u00e9parer pour prendre les d\u00e9cisions commerciales essentielles qui seront n\u00e9cessaires \u00e0 votre r\u00e9ussite.<\/span><\/p>\n<p><div class=\"gca-column one-half first\"><img decoding=\"async\" class=\"alignnone wp-image-45515 \" src=\"https:\/\/www.assent.com\/wp-content\/uploads\/2023\/02\/big-Cover-French-eBook-Budgeting-for-Compliance-and-ESG-Supply-Chain-Sustainability-in-2023-255x300.png\" alt=\"\" width=\"312\" height=\"367\" srcset=\"https:\/\/www.assent.com\/wp-content\/uploads\/2023\/02\/big-Cover-French-eBook-Budgeting-for-Compliance-and-ESG-Supply-Chain-Sustainability-in-2023-255x300.png 255w, https:\/\/www.assent.com\/wp-content\/uploads\/2023\/02\/big-Cover-French-eBook-Budgeting-for-Compliance-and-ESG-Supply-Chain-Sustainability-in-2023.png 450w\" sizes=\"(max-width: 312px) 100vw, 312px\" \/><\/div><br \/>\n<div class=\"gca-column one-half\"><\/div><\/p>\n<p><b><span style=\"font-size: 14pt;\">Il comprend les informations suivantes\u00a0<\/span>:\u00a0<\/b><\/p>\n<ul>\n<li style=\"font-weight: 400;\" aria-level=\"1\"><span style=\"font-weight: 400;\">Les changements substantiels apport\u00e9s \u00e0 REACH, RoHS, TSCA et autres r\u00e9glementations d\u2019acc\u00e8s au march\u00e9<\/span><\/li>\n<li style=\"font-weight: 400;\" aria-level=\"1\"><span style=\"font-weight: 400;\">La r\u00e9glementation imminente des PFAS et ce qu\u2019elle implique pour les fabricants<\/span><\/li>\n<li style=\"font-weight: 400;\" aria-level=\"1\"><span style=\"font-weight: 400;\">Pourquoi l\u2019ESG est d\u00e9sormais une n\u00e9cessit\u00e9 et non un luxe<\/span><\/li>\n<li style=\"font-weight: 400;\" aria-level=\"1\"><span style=\"font-weight: 400;\">Des conseils fondamentaux d\u2019experts du secteur<\/span><\/li>\n<li style=\"font-weight: 400;\" aria-level=\"1\"><span style=\"font-weight: 400;\">Les changements auxquels il faut s\u2019attendre dans l\u2019environnement r\u00e9glementaire\u00a0<\/span><\/li>\n<li style=\"font-weight: 400;\" aria-level=\"1\"><span style=\"font-weight: 400;\">Les options pour allouer du budget pour la mise en conformit\u00e9 <\/span><\/li>\n<\/ul>\n<p>T\u00e9l\u00e9chargez notre e-book maintenant.<\/p>\n<\/div>    \r\n        <\/section>\n\n\n<div style=\"height:100px\" aria-hidden=\"true\" class=\"wp-block-spacer\"><\/div>\n\n\n\n<style>\nbody.no-nav .main-container { }\nbody.no-nav .main-header-right { display: none !important; }\nbody.no-nav .subnav-content.stick-now { top: 0 !important; }\n<\/style>\n<script>\njQuery(document).ready(function(){\n\/\/ Check Params\nvar utm_channel = getParamByName(\"utm_channel\").toLowerCase();\n\n\/\/ If Paid, hide NAV\nif ( utm_channel.startsWith('paid') || utm_channel.startsWith('3rd') ) {\n\tjQuery('body').addClass('no-nav');\n}\n\n\n}); \/\/ end of document ready\n<\/script>\n","protected":false},"excerpt":{"rendered":"<p>Lorsqu\u2019il s\u2019agit de conformit\u00e9 des produits, vous pouvez \u00eatre soit \u00e0 la tra\u00eene, soit en t\u00eate du peloton. Avec l\u2019\u00e9mergence des questions environnementales, sociales et de gouvernance (ESG) comme domaine d\u2019activit\u00e9 critique, une approche r\u00e9active de la conformit\u00e9 et de la durabilit\u00e9 vous co\u00fbtera plus de temps et d\u2019argent sans apporter de protection suppl\u00e9mentaire contre les risques.<\/p>\n<p>Au contraire, si vous \u00eates proactif, vos investissements initiaux constitueront une base solide vous permettant de prosp\u00e9rer dans ce nouvel environnement. Dans notre e-book, nous explorons la meilleure fa\u00e7on de b\u00e2tir un programme de durabilit\u00e9 proactif qui couvre \u00e0 la fois la conformit\u00e9 des produits et les risques ESG \u00e9mergents, la nature des changements auxquels doivent se pr\u00e9parer les \u00e9quipes de conformit\u00e9 et les d\u00e9penses \u00e0 engager pour rentabiliser votre investissement au maximum.<\/p>\n","protected":false},"featured_media":43743,"template":"","meta":{"_acf_changed":true,"_links_to":"","_links_to_target":""},"categories":[10],"tags":[],"class_list":["post-45460","resource","type-resource","status-publish","has-post-thumbnail","hentry","category-ebook"],"acf":[],"yoast_head":"<!-- This site is optimized with the Yoast SEO Premium plugin v26.6 (Yoast SEO v27.0) - https:\/\/yoast.com\/product\/yoast-seo-premium-wordpress\/ -->\n<title>Budg\u00e9tiser la conformit\u00e9 et l\u2019ESG\u00a0: durabilit\u00e9 de la supply chain en 2023 | Assent<\/title>\n<meta name=\"description\" content=\"Lorsqu\u2019il s\u2019agit de conformit\u00e9 des produits, vous pouvez \u00eatre soit \u00e0 la tra\u00eene, soit en t\u00eate du peloton. Avec l\u2019\u00e9mergence des questions environnementales, sociales et de gouvernance (ESG) comme domaine d\u2019activit\u00e9 critique, une approche r\u00e9active de la conformit\u00e9 et de la durabilit\u00e9 vous co\u00fbtera plus de temps et d\u2019argent sans apporter de protection suppl\u00e9mentaire contre les risques. Au contraire, si vous \u00eates proactif, vos investissements initiaux constitueront une base solide vous permettant de prosp\u00e9rer dans ce nouvel environnement. Dans notre e-book, nous explorons la meilleure fa\u00e7on de b\u00e2tir un programme de durabilit\u00e9 proactif qui couvre \u00e0 la fois la conformit\u00e9 des produits et les risques ESG \u00e9mergents, la nature des changements auxquels doivent se pr\u00e9parer les \u00e9quipes de conformit\u00e9 et les d\u00e9penses \u00e0 engager pour rentabiliser votre investissement au maximum.\" \/>\n<meta name=\"robots\" content=\"index, follow, max-snippet:-1, max-image-preview:large, max-video-preview:-1\" \/>\n<link rel=\"canonical\" href=\"https:\/\/www.assent.com\/fr\/resources\/budgetiser-la-conformite-et-lesg-durabilite-de-la-supply-chain-en-2023\/\" \/>\n<meta property=\"og:locale\" content=\"fr_FR\" \/>\n<meta property=\"og:type\" content=\"article\" \/>\n<meta property=\"og:title\" content=\"Budg\u00e9tiser la conformit\u00e9 et l\u2019ESG\u00a0: durabilit\u00e9 de la supply chain en 2023\" \/>\n<meta property=\"og:description\" content=\"Lorsqu\u2019il s\u2019agit de conformit\u00e9 des produits, vous pouvez \u00eatre soit \u00e0 la tra\u00eene, soit en t\u00eate du peloton. Avec l\u2019\u00e9mergence des questions environnementales, sociales et de gouvernance (ESG) comme domaine d\u2019activit\u00e9 critique, une approche r\u00e9active de la conformit\u00e9 et de la durabilit\u00e9 vous co\u00fbtera plus de temps et d\u2019argent sans apporter de protection suppl\u00e9mentaire contre les risques. Au contraire, si vous \u00eates proactif, vos investissements initiaux constitueront une base solide vous permettant de prosp\u00e9rer dans ce nouvel environnement. Dans notre e-book, nous explorons la meilleure fa\u00e7on de b\u00e2tir un programme de durabilit\u00e9 proactif qui couvre \u00e0 la fois la conformit\u00e9 des produits et les risques ESG \u00e9mergents, la nature des changements auxquels doivent se pr\u00e9parer les \u00e9quipes de conformit\u00e9 et les d\u00e9penses \u00e0 engager pour rentabiliser votre investissement au maximum.\" \/>\n<meta property=\"og:url\" content=\"https:\/\/www.assent.com\/fr\/resources\/budgetiser-la-conformite-et-lesg-durabilite-de-la-supply-chain-en-2023\/\" \/>\n<meta property=\"og:site_name\" content=\"Assent\" \/>\n<meta property=\"article:publisher\" content=\"https:\/\/www.facebook.com\/AssentCompliance\/\" \/>\n<meta property=\"article:modified_time\" content=\"2025-08-20T16:53:54+00:00\" \/>\n<meta property=\"og:image\" content=\"https:\/\/www.assent.com\/wp-content\/uploads\/2022\/12\/Blog-Image-EU-Corporate-Sustainability-Reporting-Directive-221202-669887538.jpg\" \/>\n\t<meta property=\"og:image:width\" content=\"1080\" \/>\n\t<meta property=\"og:image:height\" content=\"632\" \/>\n\t<meta property=\"og:image:type\" content=\"image\/jpeg\" \/>\n<meta name=\"twitter:card\" content=\"summary_large_image\" \/>\n<meta name=\"twitter:site\" content=\"@AssentGlobal\" \/>\n<script type=\"application\/ld+json\" class=\"yoast-schema-graph\">{\"@context\":\"https:\/\/schema.org\",\"@graph\":[{\"@type\":\"WebPage\",\"@id\":\"https:\/\/www.assent.com\/fr\/resources\/budgetiser-la-conformite-et-lesg-durabilite-de-la-supply-chain-en-2023\/\",\"url\":\"https:\/\/www.assent.com\/fr\/resources\/budgetiser-la-conformite-et-lesg-durabilite-de-la-supply-chain-en-2023\/\",\"name\":\"Budg\u00e9tiser la conformit\u00e9 et l\u2019ESG\u00a0: durabilit\u00e9 de la supply chain en 2023 | Assent\",\"isPartOf\":{\"@id\":\"https:\/\/www.assent.com\/fr\/#website\"},\"primaryImageOfPage\":{\"@id\":\"https:\/\/www.assent.com\/fr\/resources\/budgetiser-la-conformite-et-lesg-durabilite-de-la-supply-chain-en-2023\/#primaryimage\"},\"image\":{\"@id\":\"https:\/\/www.assent.com\/fr\/resources\/budgetiser-la-conformite-et-lesg-durabilite-de-la-supply-chain-en-2023\/#primaryimage\"},\"thumbnailUrl\":\"https:\/\/www.assent.com\/wp-content\/uploads\/2022\/12\/Blog-Image-EU-Corporate-Sustainability-Reporting-Directive-221202-669887538.jpg\",\"datePublished\":\"2023-02-24T18:58:39+00:00\",\"dateModified\":\"2025-08-20T16:53:54+00:00\",\"description\":\"Lorsqu\u2019il s\u2019agit de conformit\u00e9 des produits, vous pouvez \u00eatre soit \u00e0 la tra\u00eene, soit en t\u00eate du peloton. Avec l\u2019\u00e9mergence des questions environnementales, sociales et de gouvernance (ESG) comme domaine d\u2019activit\u00e9 critique, une approche r\u00e9active de la conformit\u00e9 et de la durabilit\u00e9 vous co\u00fbtera plus de temps et d\u2019argent sans apporter de protection suppl\u00e9mentaire contre les risques. Au contraire, si vous \u00eates proactif, vos investissements initiaux constitueront une base solide vous permettant de prosp\u00e9rer dans ce nouvel environnement. Dans notre e-book, nous explorons la meilleure fa\u00e7on de b\u00e2tir un programme de durabilit\u00e9 proactif qui couvre \u00e0 la fois la conformit\u00e9 des produits et les risques ESG \u00e9mergents, la nature des changements auxquels doivent se pr\u00e9parer les \u00e9quipes de conformit\u00e9 et les d\u00e9penses \u00e0 engager pour rentabiliser votre investissement au maximum.\",\"breadcrumb\":{\"@id\":\"https:\/\/www.assent.com\/fr\/resources\/budgetiser-la-conformite-et-lesg-durabilite-de-la-supply-chain-en-2023\/#breadcrumb\"},\"inLanguage\":\"fr-FR\",\"potentialAction\":[{\"@type\":\"ReadAction\",\"target\":[\"https:\/\/www.assent.com\/fr\/resources\/budgetiser-la-conformite-et-lesg-durabilite-de-la-supply-chain-en-2023\/\"]}]},{\"@type\":\"ImageObject\",\"inLanguage\":\"fr-FR\",\"@id\":\"https:\/\/www.assent.com\/fr\/resources\/budgetiser-la-conformite-et-lesg-durabilite-de-la-supply-chain-en-2023\/#primaryimage\",\"url\":\"https:\/\/www.assent.com\/wp-content\/uploads\/2022\/12\/Blog-Image-EU-Corporate-Sustainability-Reporting-Directive-221202-669887538.jpg\",\"contentUrl\":\"https:\/\/www.assent.com\/wp-content\/uploads\/2022\/12\/Blog-Image-EU-Corporate-Sustainability-Reporting-Directive-221202-669887538.jpg\",\"width\":1080,\"height\":632,\"caption\":\"A man and a woman looking at a tablet.\"},{\"@type\":\"BreadcrumbList\",\"@id\":\"https:\/\/www.assent.com\/fr\/resources\/budgetiser-la-conformite-et-lesg-durabilite-de-la-supply-chain-en-2023\/#breadcrumb\",\"itemListElement\":[{\"@type\":\"ListItem\",\"position\":1,\"name\":\"Home\",\"item\":\"https:\/\/www.assent.com\/fr\/\"},{\"@type\":\"ListItem\",\"position\":2,\"name\":\"Budg\u00e9tiser la conformit\u00e9 et l\u2019ESG\u00a0: durabilit\u00e9 de la supply chain en 2023\"}]},{\"@type\":\"WebSite\",\"@id\":\"https:\/\/www.assent.com\/fr\/#website\",\"url\":\"https:\/\/www.assent.com\/fr\/\",\"name\":\"Assent\",\"description\":\"\",\"publisher\":{\"@id\":\"https:\/\/www.assent.com\/fr\/#organization\"},\"potentialAction\":[{\"@type\":\"SearchAction\",\"target\":{\"@type\":\"EntryPoint\",\"urlTemplate\":\"https:\/\/www.assent.com\/fr\/?s={search_term_string}\"},\"query-input\":{\"@type\":\"PropertyValueSpecification\",\"valueRequired\":true,\"valueName\":\"search_term_string\"}}],\"inLanguage\":\"fr-FR\"},{\"@type\":\"Organization\",\"@id\":\"https:\/\/www.assent.com\/fr\/#organization\",\"name\":\"Assent\",\"url\":\"https:\/\/www.assent.com\/fr\/\",\"logo\":{\"@type\":\"ImageObject\",\"inLanguage\":\"fr-FR\",\"@id\":\"https:\/\/www.assent.com\/fr\/#\/schema\/logo\/image\/\",\"url\":\"https:\/\/www.assent.com\/wp-content\/uploads\/2022\/01\/logo.svg\",\"contentUrl\":\"https:\/\/www.assent.com\/wp-content\/uploads\/2022\/01\/logo.svg\",\"width\":1,\"height\":1,\"caption\":\"Assent\"},\"image\":{\"@id\":\"https:\/\/www.assent.com\/fr\/#\/schema\/logo\/image\/\"},\"sameAs\":[\"https:\/\/www.facebook.com\/AssentCompliance\/\",\"https:\/\/x.com\/AssentGlobal\",\"https:\/\/www.linkedin.com\/company\/assent-compliance-inc\"]}]}<\/script>\n<!-- \/ Yoast SEO Premium plugin. -->","yoast_head_json":{"title":"Budg\u00e9tiser la conformit\u00e9 et l\u2019ESG\u00a0: durabilit\u00e9 de la supply chain en 2023 | Assent","description":"Lorsqu\u2019il s\u2019agit de conformit\u00e9 des produits, vous pouvez \u00eatre soit \u00e0 la tra\u00eene, soit en t\u00eate du peloton. Avec l\u2019\u00e9mergence des questions environnementales, sociales et de gouvernance (ESG) comme domaine d\u2019activit\u00e9 critique, une approche r\u00e9active de la conformit\u00e9 et de la durabilit\u00e9 vous co\u00fbtera plus de temps et d\u2019argent sans apporter de protection suppl\u00e9mentaire contre les risques. Au contraire, si vous \u00eates proactif, vos investissements initiaux constitueront une base solide vous permettant de prosp\u00e9rer dans ce nouvel environnement. Dans notre e-book, nous explorons la meilleure fa\u00e7on de b\u00e2tir un programme de durabilit\u00e9 proactif qui couvre \u00e0 la fois la conformit\u00e9 des produits et les risques ESG \u00e9mergents, la nature des changements auxquels doivent se pr\u00e9parer les \u00e9quipes de conformit\u00e9 et les d\u00e9penses \u00e0 engager pour rentabiliser votre investissement au maximum.","robots":{"index":"index","follow":"follow","max-snippet":"max-snippet:-1","max-image-preview":"max-image-preview:large","max-video-preview":"max-video-preview:-1"},"canonical":"https:\/\/www.assent.com\/fr\/resources\/budgetiser-la-conformite-et-lesg-durabilite-de-la-supply-chain-en-2023\/","og_locale":"fr_FR","og_type":"article","og_title":"Budg\u00e9tiser la conformit\u00e9 et l\u2019ESG\u00a0: durabilit\u00e9 de la supply chain en 2023","og_description":"Lorsqu\u2019il s\u2019agit de conformit\u00e9 des produits, vous pouvez \u00eatre soit \u00e0 la tra\u00eene, soit en t\u00eate du peloton. Avec l\u2019\u00e9mergence des questions environnementales, sociales et de gouvernance (ESG) comme domaine d\u2019activit\u00e9 critique, une approche r\u00e9active de la conformit\u00e9 et de la durabilit\u00e9 vous co\u00fbtera plus de temps et d\u2019argent sans apporter de protection suppl\u00e9mentaire contre les risques. Au contraire, si vous \u00eates proactif, vos investissements initiaux constitueront une base solide vous permettant de prosp\u00e9rer dans ce nouvel environnement. Dans notre e-book, nous explorons la meilleure fa\u00e7on de b\u00e2tir un programme de durabilit\u00e9 proactif qui couvre \u00e0 la fois la conformit\u00e9 des produits et les risques ESG \u00e9mergents, la nature des changements auxquels doivent se pr\u00e9parer les \u00e9quipes de conformit\u00e9 et les d\u00e9penses \u00e0 engager pour rentabiliser votre investissement au maximum.","og_url":"https:\/\/www.assent.com\/fr\/resources\/budgetiser-la-conformite-et-lesg-durabilite-de-la-supply-chain-en-2023\/","og_site_name":"Assent","article_publisher":"https:\/\/www.facebook.com\/AssentCompliance\/","article_modified_time":"2025-08-20T16:53:54+00:00","og_image":[{"width":1080,"height":632,"url":"https:\/\/www.assent.com\/wp-content\/uploads\/2022\/12\/Blog-Image-EU-Corporate-Sustainability-Reporting-Directive-221202-669887538.jpg","type":"image\/jpeg"}],"twitter_card":"summary_large_image","twitter_site":"@AssentGlobal","schema":{"@context":"https:\/\/schema.org","@graph":[{"@type":"WebPage","@id":"https:\/\/www.assent.com\/fr\/resources\/budgetiser-la-conformite-et-lesg-durabilite-de-la-supply-chain-en-2023\/","url":"https:\/\/www.assent.com\/fr\/resources\/budgetiser-la-conformite-et-lesg-durabilite-de-la-supply-chain-en-2023\/","name":"Budg\u00e9tiser la conformit\u00e9 et l\u2019ESG\u00a0: durabilit\u00e9 de la supply chain en 2023 | Assent","isPartOf":{"@id":"https:\/\/www.assent.com\/fr\/#website"},"primaryImageOfPage":{"@id":"https:\/\/www.assent.com\/fr\/resources\/budgetiser-la-conformite-et-lesg-durabilite-de-la-supply-chain-en-2023\/#primaryimage"},"image":{"@id":"https:\/\/www.assent.com\/fr\/resources\/budgetiser-la-conformite-et-lesg-durabilite-de-la-supply-chain-en-2023\/#primaryimage"},"thumbnailUrl":"https:\/\/www.assent.com\/wp-content\/uploads\/2022\/12\/Blog-Image-EU-Corporate-Sustainability-Reporting-Directive-221202-669887538.jpg","datePublished":"2023-02-24T18:58:39+00:00","dateModified":"2025-08-20T16:53:54+00:00","description":"Lorsqu\u2019il s\u2019agit de conformit\u00e9 des produits, vous pouvez \u00eatre soit \u00e0 la tra\u00eene, soit en t\u00eate du peloton. Avec l\u2019\u00e9mergence des questions environnementales, sociales et de gouvernance (ESG) comme domaine d\u2019activit\u00e9 critique, une approche r\u00e9active de la conformit\u00e9 et de la durabilit\u00e9 vous co\u00fbtera plus de temps et d\u2019argent sans apporter de protection suppl\u00e9mentaire contre les risques. Au contraire, si vous \u00eates proactif, vos investissements initiaux constitueront une base solide vous permettant de prosp\u00e9rer dans ce nouvel environnement. Dans notre e-book, nous explorons la meilleure fa\u00e7on de b\u00e2tir un programme de durabilit\u00e9 proactif qui couvre \u00e0 la fois la conformit\u00e9 des produits et les risques ESG \u00e9mergents, la nature des changements auxquels doivent se pr\u00e9parer les \u00e9quipes de conformit\u00e9 et les d\u00e9penses \u00e0 engager pour rentabiliser votre investissement au maximum.","breadcrumb":{"@id":"https:\/\/www.assent.com\/fr\/resources\/budgetiser-la-conformite-et-lesg-durabilite-de-la-supply-chain-en-2023\/#breadcrumb"},"inLanguage":"fr-FR","potentialAction":[{"@type":"ReadAction","target":["https:\/\/www.assent.com\/fr\/resources\/budgetiser-la-conformite-et-lesg-durabilite-de-la-supply-chain-en-2023\/"]}]},{"@type":"ImageObject","inLanguage":"fr-FR","@id":"https:\/\/www.assent.com\/fr\/resources\/budgetiser-la-conformite-et-lesg-durabilite-de-la-supply-chain-en-2023\/#primaryimage","url":"https:\/\/www.assent.com\/wp-content\/uploads\/2022\/12\/Blog-Image-EU-Corporate-Sustainability-Reporting-Directive-221202-669887538.jpg","contentUrl":"https:\/\/www.assent.com\/wp-content\/uploads\/2022\/12\/Blog-Image-EU-Corporate-Sustainability-Reporting-Directive-221202-669887538.jpg","width":1080,"height":632,"caption":"A man and a woman looking at a tablet."},{"@type":"BreadcrumbList","@id":"https:\/\/www.assent.com\/fr\/resources\/budgetiser-la-conformite-et-lesg-durabilite-de-la-supply-chain-en-2023\/#breadcrumb","itemListElement":[{"@type":"ListItem","position":1,"name":"Home","item":"https:\/\/www.assent.com\/fr\/"},{"@type":"ListItem","position":2,"name":"Budg\u00e9tiser la conformit\u00e9 et l\u2019ESG\u00a0: durabilit\u00e9 de la supply chain en 2023"}]},{"@type":"WebSite","@id":"https:\/\/www.assent.com\/fr\/#website","url":"https:\/\/www.assent.com\/fr\/","name":"Assent","description":"","publisher":{"@id":"https:\/\/www.assent.com\/fr\/#organization"},"potentialAction":[{"@type":"SearchAction","target":{"@type":"EntryPoint","urlTemplate":"https:\/\/www.assent.com\/fr\/?s={search_term_string}"},"query-input":{"@type":"PropertyValueSpecification","valueRequired":true,"valueName":"search_term_string"}}],"inLanguage":"fr-FR"},{"@type":"Organization","@id":"https:\/\/www.assent.com\/fr\/#organization","name":"Assent","url":"https:\/\/www.assent.com\/fr\/","logo":{"@type":"ImageObject","inLanguage":"fr-FR","@id":"https:\/\/www.assent.com\/fr\/#\/schema\/logo\/image\/","url":"https:\/\/www.assent.com\/wp-content\/uploads\/2022\/01\/logo.svg","contentUrl":"https:\/\/www.assent.com\/wp-content\/uploads\/2022\/01\/logo.svg","width":1,"height":1,"caption":"Assent"},"image":{"@id":"https:\/\/www.assent.com\/fr\/#\/schema\/logo\/image\/"},"sameAs":["https:\/\/www.facebook.com\/AssentCompliance\/","https:\/\/x.com\/AssentGlobal","https:\/\/www.linkedin.com\/company\/assent-compliance-inc"]}]}},"_links":{"self":[{"href":"https:\/\/www.assent.com\/fr\/wp-json\/wp\/v2\/resource\/45460","targetHints":{"allow":["GET"]}}],"collection":[{"href":"https:\/\/www.assent.com\/fr\/wp-json\/wp\/v2\/resource"}],"about":[{"href":"https:\/\/www.assent.com\/fr\/wp-json\/wp\/v2\/types\/resource"}],"wp:featuredmedia":[{"embeddable":true,"href":"https:\/\/www.assent.com\/fr\/wp-json\/wp\/v2\/media\/43743"}],"wp:attachment":[{"href":"https:\/\/www.assent.com\/fr\/wp-json\/wp\/v2\/media?parent=45460"}],"wp:term":[{"taxonomy":"category","embeddable":true,"href":"https:\/\/www.assent.com\/fr\/wp-json\/wp\/v2\/categories?post=45460"},{"taxonomy":"post_tag","embeddable":true,"href":"https:\/\/www.assent.com\/fr\/wp-json\/wp\/v2\/tags?post=45460"}],"curies":[{"name":"wp","href":"https:\/\/api.w.org\/{rel}","templated":true}]}}